{"id":219,"date":"2022-05-18T08:18:30","date_gmt":"2022-05-18T06:18:30","guid":{"rendered":"https:\/\/decubal.com\/sv\/?page_id=219"},"modified":"2025-12-01T14:03:56","modified_gmt":"2025-12-01T13:03:56","slug":"faq","status":"publish","type":"page","link":"https:\/\/decubal.com\/se\/faq\/","title":{"rendered":"FAQ"},"content":{"rendered":"\n\n\n\n\n<div class=\"wp-block-karopharma-free-text pt-large pb-none bg-center bg-cover bg-no-repeat\" style=\"background-image:url()\"><div class=\"free-text-wrapper container max-w-medium text-left\">\n<h2 class=\"wp-block-heading has-text-align-center is-style-heading-h2\">V\u00e5ra vanligaste fr\u00e5gor och svar<\/h2>\n<\/div><\/div>\n\n\n\n<div class=\"wp-block-karopharma-accordions\"><div class=\"container\">\n<details class=\"wp-block-karopharma-accordion\"><summary><h2 class=\"accordion-title\">Eksem<\/h2><\/summary><div class=\"accordion-content\">\n<p>Eksem \u00e4r en vanlig term f\u00f6r flera hud\u00e5kommor. Det kan till exempel vara rodnad, svullnad, torrhet, kl\u00e5da, fj\u00e4llning och bl\u00e5sor. Eksem inneb\u00e4r att huden \u00e4r inflammerad. Den \u00e4r ofta ocks\u00e5 torr och \u00f6mt\u00e5lig och har d\u00e4rf\u00f6r nedsatt f\u00f6rm\u00e5ga att skydda sig mot yttre p\u00e5verkan som infektioner. Eksem kliar ofta, men om du kliar sprider sig inflammationen och utslagen kan f\u00f6rv\u00e4rras.<\/p>\n\n\n\n<p><strong>Daglig hudv\u00e5rd lindrar.<\/strong><\/p>\n\n\n\n<p>Daglig hudv\u00e5rd \u00e4r viktig f\u00f6r att ge huden skydd mot yttre p\u00e5verkan. Anv\u00e4nd kr\u00e4mer med h\u00f6g fetthalt och utan parfym. Ibland kan det vara n\u00f6dv\u00e4ndigt att behandla med medicinska kr\u00e4mer som du f\u00e5r efter \u00f6verenskommelse med din l\u00e4kare eller hudl\u00e4kare.<\/p>\n\n\n\n<p>T\u00e4nk ocks\u00e5 p\u00e5 hur ofta du tv\u00e4ttar dig \u2013 tv\u00e5l och vatten torkar ocks\u00e5 ut huden. Om det beh\u00f6vs, byt ut din tv\u00e5l med en tv\u00e4ttolja, som Decubal Shower &amp; Bath Oil.<\/p>\n<\/div><\/details>\n\n\n\n<details class=\"wp-block-karopharma-accordion\"><summary><h2 class=\"accordion-title\">Irritationseksem<\/h2><\/summary><div class=\"accordion-content\">\n<p>Om huden ofta kommer i kontakt med irriterande \u00e4mnen, som starka reng\u00f6ringsmedel, eller om du tv\u00e4ttar dig f\u00f6r ofta med tv\u00e5l och vatten, kan den reagera med att bli torr och sprucken. Hudens naturliga skydd bryts ner, och icke-allergiskt kontakteksem kan uppst\u00e5 \u2013 \u00e4ven kallat irritationseksem. Hos barn och unga som idrottar ligger kontakteksem oftast under skyddsutrustningen, till exempel benskydd i ishockey och fotboll.<\/p>\n<\/div><\/details>\n\n\n\n<details class=\"wp-block-karopharma-accordion\"><summary><h2 class=\"accordion-title\">Allergisk kontakteksem<\/h2><\/summary><div class=\"accordion-content\">\n<p>Om huden uts\u00e4tts f\u00f6r ett allergiframkallande \u00e4mne, som parfym eller nickel, kan en allergisk reaktion uppst\u00e5 fr\u00e5n kroppens immunf\u00f6rsvar. Ofta p\u00e5verkas hela huden av allergin \u2013 inte bara omr\u00e5det d\u00e4r utslagen f\u00f6rst upptr\u00e4dde. Har man en g\u00e5ng reagerat p\u00e5 ett visst \u00e4mne blir man ofta allergisk mot det \u00e4mnet, \u00e4ven om man bara \u00e4r i kontakt med det en kort stund.<\/p>\n\n\n\n<p>Kontakteksem yttrar sig som rodnad, kl\u00e5da, kn\u00f6lar och sm\u00e5 bl\u00e5sor och kan utvecklas till s\u00e5r.<\/p>\n<\/div><\/details>\n\n\n\n<details class=\"wp-block-karopharma-accordion\"><summary><h2 class=\"accordion-title\">Hudens struktur och funktioner<\/h2><\/summary><div class=\"accordion-content\">\n<p>Det \u00e4r inget vi t\u00e4nker p\u00e5 dagligen. Men huden \u00e4r ett levande, aktivt organ. I sj\u00e4lva verket \u00e4r huden det st\u00f6rsta organet, som hos en vuxen v\u00e4ger ca. 3 kg., Och har en yta p\u00e5 ca. 2 m2.<\/p>\n\n\n\n<p>Huden har m\u00e5nga viktiga funktioner. Huden skyddar v\u00e5r kropp fr\u00e5n effekterna av mikroorganismer, kemikalier, tryck och bara n\u00e5got s\u00e5 enkelt som vatten och tv\u00e5l.<\/p>\n\n\n\n<p>Huden best\u00e5r av flera lager:<\/p>\n\n\n\n<p>1. \u00d6verhuden (epidermis)<br>2. L\u00e4derhuden (dermis)<br>3. Underhuden (subcutis)<\/p>\n<\/div><\/details>\n\n\n\n<details class=\"wp-block-karopharma-accordion\"><summary><h2 class=\"accordion-title\">Normal hud \/ Torr hud<\/h2><\/summary><div class=\"accordion-content\">\n<p><strong>Normal hud<\/strong><\/p>\n\n\n\n<p>Det \u00f6vre lagret av huden (stratum corneum) best\u00e5r av keratiniserade, d\u00f6da hudceller. Hudcellerna binds samman av talg. P\u00e5 s\u00e5 s\u00e4tt h\u00e5ller hornlagret fukten i huden, och ger huden en barri\u00e4r som skyddar mot slitage och yttre p\u00e5verkan som t.ex. mikroorganismer, vatten och tv\u00e5l.<\/p>\n\n\n\n<p><strong>Torr hud<\/strong><\/p>\n\n\n\n<p>Om talg f\u00f6rsvinner, t.ex. vid slitage eller genom exponering f\u00f6r tv\u00e5l eller reng\u00f6ringsmedel kan vattnet avdunsta fritt fr\u00e5n huden, hudbarri\u00e4ren skadas &#8211; med torr hud som f\u00f6ljd.<\/p>\n\n\n\n<p>Om hudbarri\u00e4ren \u00e4r skadad kan yttre \u00e4mnen l\u00e4ttare tr\u00e4nga in direkt i huden, vilket kan leda till inflammation eller allergi.<\/p>\n\n\n\n<p><strong>Hur ser torr hud ut?<\/strong><\/p>\n\n\n\n<p>Kl\u00e5da, k\u00e4nsla av stramhet, sprickor och s\u00e5r kan vara obehagliga konsekvenser av torr hud.<\/p>\n\n\n\n<p>De flesta upplever att huden blir torrare p\u00e5 vintern, framf\u00f6r allt i ansiktet och p\u00e5 h\u00e4nderna, d\u00e4r kyla och vind sliter p\u00e5 huden.<\/p>\n<\/div><\/details>\n\n\n\n<details class=\"wp-block-karopharma-accordion\"><summary><h2 class=\"accordion-title\">Om torr hud<\/h2><\/summary><div class=\"accordion-content\">\n<p>Torr hud \u00e4r mycket vanligt i v\u00e5rt nordiska klimat. Torr hud kan bero p\u00e5 olika saker och kan upplevas p\u00e5 olika s\u00e4tt \u2013 vissa har bara en k\u00e4nsla av torrhet och lite stram hud, medan andra har s\u00e5 torr hy att den spricker.<\/p>\n\n\n\n<p><strong>Torr hud saknar vatten<\/strong><\/p>\n\n\n\n<p>Precis som ett hus byggt av tegelstenar med murbruk d\u00e4remellan \u00e4r hudens yta uppbyggd av hornceller. Mellan dessa celler finns fetter, de s\u00e5 kallade lipiderna. I frisk hud binder lipiderna fukten i huden och skapar en skyddande barri\u00e4r som hindrar vattnet fr\u00e5n att avdunsta.<\/p>\n\n\n\n<p>I torr hud finns det f\u00f6r lite av denna &#8221;mortel&#8221;, vilket g\u00f6r att den inte kan binda fukt och vatten. Vattnet avdunstar och huden blir torr. Ju \u00e4ldre du blir desto vanligare blir problemet. Hudens f\u00f6rm\u00e5ga att binda fukt minskar med \u00e5ldern.<\/p>\n\n\n\n<figure class=\"wp-block-image size-full is-resized\"><img decoding=\"async\" src=\"https:\/\/decubal.com\/app\/uploads\/sites\/2\/2022\/05\/hud-dk-300x117-1.png\" alt=\"Om t\u00f8r hud\" class=\"wp-image-109\" style=\"width:300px;height:117px\"\/><\/figure>\n\n\n\n<p><strong>P\u00e5verkan fr\u00e5n livsstil och klimat<\/strong><\/p>\n\n\n\n<p>Dina gener och din livsstil \u00e4r de mest avg\u00f6rande faktorerna n\u00e4r det kommer till din hud. Yttre faktorer som stress, f\u00f6roreningar, stark sol, r\u00f6kning och d\u00e5lig kost spelar roll. \u00c5rstiden har ocks\u00e5 en betydelse. P\u00e5 h\u00f6sten och vintern g\u00f6r kylan och den torra luften inomhus huden torr.<\/p>\n\n\n\n<p><strong>Hudsjukdomar kan ocks\u00e5 ha betydelse<\/strong><\/p>\n\n\n\n<p>Torr hud kan ocks\u00e5 orsakas av n\u00e5gon form av hud\u00e5komma, s\u00e5som psoriasis eller eksem.<\/p>\n\n\n\n<p><strong>Sprucken hud kan orsaka infektioner<\/strong><\/p>\n\n\n\n<p>Torr hud kan inte bara k\u00e4nnas obehaglig \u2013 det kan ocks\u00e5 leda till en hel del problem. Det ger en oj\u00e4mn hudyta vilket g\u00f6r att huden \u00e4r &#8221;\u00f6ppen&#8221; och mottaglig f\u00f6r bakterier. Sprickor i huden \u00e4r den idealiska milj\u00f6n f\u00f6r bildandet av infektioner.<\/p>\n\n\n\n<figure class=\"wp-block-image size-full\"><img decoding=\"async\" src=\"https:\/\/decubal.com\/app\/uploads\/sites\/2\/2022\/05\/hud-dk-300x156-1.png\" alt=\"Om t\u00f8r hud\" class=\"wp-image-111\"\/><\/figure>\n<\/div><\/details>\n<\/div><\/div>\n","protected":false},"excerpt":{"rendered":"","protected":false},"author":2,"featured_media":0,"parent":0,"menu_order":0,"comment_status":"closed","ping_status":"closed","template":"","meta":{"_acf_changed":false,"footnotes":""},"from-article-database":[],"class_list":["post-219","page","type-page","status-publish","hentry"],"acf":[],"yoast_head":"<!-- This site is optimized with the Yoast SEO plugin v26.6 - https:\/\/yoast.com\/wordpress\/plugins\/seo\/ -->\n<title>FAQ - Decubal<\/title>\n<meta name=\"description\" content=\"L\u00e4s mer om eksem, Irritationseksem, allergisk kontakteksem, hudens struktur och funktioner, normal hud \/ torr hud och om torr hud\" \/>\n<meta name=\"robots\" content=\"index, follow, max-snippet:-1, max-image-preview:large, max-video-preview:-1\" \/>\n<link rel=\"canonical\" href=\"https:\/\/decubal.com\/se\/faq\/\" \/>\n<meta property=\"og:locale\" content=\"sv_SE\" \/>\n<meta property=\"og:type\" content=\"article\" \/>\n<meta property=\"og:title\" content=\"FAQ - Decubal\" \/>\n<meta property=\"og:description\" content=\"L\u00e4s mer om eksem, Irritationseksem, allergisk kontakteksem, hudens struktur och funktioner, normal hud \/ torr hud och om torr hud\" \/>\n<meta property=\"og:url\" content=\"https:\/\/decubal.com\/se\/faq\/\" \/>\n<meta property=\"og:site_name\" content=\"Decubal\" \/>\n<meta property=\"article:modified_time\" content=\"2025-12-01T13:03:56+00:00\" \/>\n<meta property=\"og:image\" content=\"https:\/\/decubal.com\/app\/uploads\/sites\/2\/2022\/05\/hud-dk-300x117-1.png\" \/>\n<meta name=\"twitter:card\" content=\"summary_large_image\" \/>\n<meta name=\"twitter:label1\" content=\"Ber\u00e4knad l\u00e4stid\" \/>\n\t<meta name=\"twitter:data1\" content=\"5 minuter\" \/>\n<script type=\"application\/ld+json\" class=\"yoast-schema-graph\">{\"@context\":\"https:\/\/schema.org\",\"@graph\":[{\"@type\":\"WebPage\",\"@id\":\"https:\/\/decubal.com\/se\/faq\/\",\"url\":\"https:\/\/decubal.com\/se\/faq\/\",\"name\":\"FAQ - Decubal\",\"isPartOf\":{\"@id\":\"https:\/\/decubal.com\/se\/#website\"},\"primaryImageOfPage\":{\"@id\":\"https:\/\/decubal.com\/se\/faq\/#primaryimage\"},\"image\":{\"@id\":\"https:\/\/decubal.com\/se\/faq\/#primaryimage\"},\"thumbnailUrl\":\"https:\/\/decubal.com\/app\/uploads\/sites\/2\/2022\/05\/hud-dk-300x117-1.png\",\"datePublished\":\"2022-05-18T06:18:30+00:00\",\"dateModified\":\"2025-12-01T13:03:56+00:00\",\"description\":\"L\u00e4s mer om eksem, Irritationseksem, allergisk kontakteksem, hudens struktur och funktioner, normal hud \/ torr hud och om torr hud\",\"breadcrumb\":{\"@id\":\"https:\/\/decubal.com\/se\/faq\/#breadcrumb\"},\"inLanguage\":\"sv-SE\",\"potentialAction\":[{\"@type\":\"ReadAction\",\"target\":[\"https:\/\/decubal.com\/se\/faq\/\"]}]},{\"@type\":\"ImageObject\",\"inLanguage\":\"sv-SE\",\"@id\":\"https:\/\/decubal.com\/se\/faq\/#primaryimage\",\"url\":\"https:\/\/decubal.com\/app\/uploads\/sites\/2\/2022\/05\/hud-dk-300x117-1.png\",\"contentUrl\":\"https:\/\/decubal.com\/app\/uploads\/sites\/2\/2022\/05\/hud-dk-300x117-1.png\"},{\"@type\":\"BreadcrumbList\",\"@id\":\"https:\/\/decubal.com\/se\/faq\/#breadcrumb\",\"itemListElement\":[{\"@type\":\"ListItem\",\"position\":1,\"name\":\"Home\",\"item\":\"https:\/\/decubal.com\/se\/\"},{\"@type\":\"ListItem\",\"position\":2,\"name\":\"FAQ\"}]},{\"@type\":\"WebSite\",\"@id\":\"https:\/\/decubal.com\/se\/#website\",\"url\":\"https:\/\/decubal.com\/se\/\",\"name\":\"Decubal\",\"description\":\"\",\"publisher\":{\"@id\":\"https:\/\/decubal.com\/se\/#organization\"},\"potentialAction\":[{\"@type\":\"SearchAction\",\"target\":{\"@type\":\"EntryPoint\",\"urlTemplate\":\"https:\/\/decubal.com\/se\/?s={search_term_string}\"},\"query-input\":{\"@type\":\"PropertyValueSpecification\",\"valueRequired\":true,\"valueName\":\"search_term_string\"}}],\"inLanguage\":\"sv-SE\"},{\"@type\":\"Organization\",\"@id\":\"https:\/\/decubal.com\/se\/#organization\",\"name\":\"Decubal\",\"url\":\"https:\/\/decubal.com\/se\/\",\"logo\":{\"@type\":\"ImageObject\",\"inLanguage\":\"sv-SE\",\"@id\":\"https:\/\/decubal.com\/se\/#\/schema\/logo\/image\/\",\"url\":\"https:\/\/decubal.com\/app\/uploads\/sites\/3\/2022\/05\/Decubal-logo.png\",\"contentUrl\":\"https:\/\/decubal.com\/app\/uploads\/sites\/3\/2022\/05\/Decubal-logo.png\",\"width\":138,\"height\":40,\"caption\":\"Decubal\"},\"image\":{\"@id\":\"https:\/\/decubal.com\/se\/#\/schema\/logo\/image\/\"}}]}<\/script>\n<!-- \/ Yoast SEO plugin. -->","yoast_head_json":{"title":"FAQ - Decubal","description":"L\u00e4s mer om eksem, Irritationseksem, allergisk kontakteksem, hudens struktur och funktioner, normal hud \/ torr hud och om torr hud","robots":{"index":"index","follow":"follow","max-snippet":"max-snippet:-1","max-image-preview":"max-image-preview:large","max-video-preview":"max-video-preview:-1"},"canonical":"https:\/\/decubal.com\/se\/faq\/","og_locale":"sv_SE","og_type":"article","og_title":"FAQ - Decubal","og_description":"L\u00e4s mer om eksem, Irritationseksem, allergisk kontakteksem, hudens struktur och funktioner, normal hud \/ torr hud och om torr hud","og_url":"https:\/\/decubal.com\/se\/faq\/","og_site_name":"Decubal","article_modified_time":"2025-12-01T13:03:56+00:00","og_image":[{"url":"https:\/\/decubal.com\/app\/uploads\/sites\/2\/2022\/05\/hud-dk-300x117-1.png","type":"","width":"","height":""}],"twitter_card":"summary_large_image","twitter_misc":{"Ber\u00e4knad l\u00e4stid":"5 minuter"},"schema":{"@context":"https:\/\/schema.org","@graph":[{"@type":"WebPage","@id":"https:\/\/decubal.com\/se\/faq\/","url":"https:\/\/decubal.com\/se\/faq\/","name":"FAQ - Decubal","isPartOf":{"@id":"https:\/\/decubal.com\/se\/#website"},"primaryImageOfPage":{"@id":"https:\/\/decubal.com\/se\/faq\/#primaryimage"},"image":{"@id":"https:\/\/decubal.com\/se\/faq\/#primaryimage"},"thumbnailUrl":"https:\/\/decubal.com\/app\/uploads\/sites\/2\/2022\/05\/hud-dk-300x117-1.png","datePublished":"2022-05-18T06:18:30+00:00","dateModified":"2025-12-01T13:03:56+00:00","description":"L\u00e4s mer om eksem, Irritationseksem, allergisk kontakteksem, hudens struktur och funktioner, normal hud \/ torr hud och om torr hud","breadcrumb":{"@id":"https:\/\/decubal.com\/se\/faq\/#breadcrumb"},"inLanguage":"sv-SE","potentialAction":[{"@type":"ReadAction","target":["https:\/\/decubal.com\/se\/faq\/"]}]},{"@type":"ImageObject","inLanguage":"sv-SE","@id":"https:\/\/decubal.com\/se\/faq\/#primaryimage","url":"https:\/\/decubal.com\/app\/uploads\/sites\/2\/2022\/05\/hud-dk-300x117-1.png","contentUrl":"https:\/\/decubal.com\/app\/uploads\/sites\/2\/2022\/05\/hud-dk-300x117-1.png"},{"@type":"BreadcrumbList","@id":"https:\/\/decubal.com\/se\/faq\/#breadcrumb","itemListElement":[{"@type":"ListItem","position":1,"name":"Home","item":"https:\/\/decubal.com\/se\/"},{"@type":"ListItem","position":2,"name":"FAQ"}]},{"@type":"WebSite","@id":"https:\/\/decubal.com\/se\/#website","url":"https:\/\/decubal.com\/se\/","name":"Decubal","description":"","publisher":{"@id":"https:\/\/decubal.com\/se\/#organization"},"potentialAction":[{"@type":"SearchAction","target":{"@type":"EntryPoint","urlTemplate":"https:\/\/decubal.com\/se\/?s={search_term_string}"},"query-input":{"@type":"PropertyValueSpecification","valueRequired":true,"valueName":"search_term_string"}}],"inLanguage":"sv-SE"},{"@type":"Organization","@id":"https:\/\/decubal.com\/se\/#organization","name":"Decubal","url":"https:\/\/decubal.com\/se\/","logo":{"@type":"ImageObject","inLanguage":"sv-SE","@id":"https:\/\/decubal.com\/se\/#\/schema\/logo\/image\/","url":"https:\/\/decubal.com\/app\/uploads\/sites\/3\/2022\/05\/Decubal-logo.png","contentUrl":"https:\/\/decubal.com\/app\/uploads\/sites\/3\/2022\/05\/Decubal-logo.png","width":138,"height":40,"caption":"Decubal"},"image":{"@id":"https:\/\/decubal.com\/se\/#\/schema\/logo\/image\/"}}]}},"_links":{"self":[{"href":"https:\/\/decubal.com\/se\/wp-json\/wp\/v2\/pages\/219","targetHints":{"allow":["GET"]}}],"collection":[{"href":"https:\/\/decubal.com\/se\/wp-json\/wp\/v2\/pages"}],"about":[{"href":"https:\/\/decubal.com\/se\/wp-json\/wp\/v2\/types\/page"}],"author":[{"embeddable":true,"href":"https:\/\/decubal.com\/se\/wp-json\/wp\/v2\/users\/2"}],"replies":[{"embeddable":true,"href":"https:\/\/decubal.com\/se\/wp-json\/wp\/v2\/comments?post=219"}],"version-history":[{"count":10,"href":"https:\/\/decubal.com\/se\/wp-json\/wp\/v2\/pages\/219\/revisions"}],"predecessor-version":[{"id":876,"href":"https:\/\/decubal.com\/se\/wp-json\/wp\/v2\/pages\/219\/revisions\/876"}],"wp:attachment":[{"href":"https:\/\/decubal.com\/se\/wp-json\/wp\/v2\/media?parent=219"}],"wp:term":[{"taxonomy":"from-article-database","embeddable":true,"href":"https:\/\/decubal.com\/se\/wp-json\/wp\/v2\/from-article-database?post=219"}],"curies":[{"name":"wp","href":"https:\/\/api.w.org\/{rel}","templated":true}]}}