{"id":817,"date":"2025-08-08T16:11:43","date_gmt":"2025-08-08T13:11:43","guid":{"rendered":"https:\/\/decubal.com\/fi\/?post_type=product&#038;p=817"},"modified":"2026-02-20T13:58:39","modified_gmt":"2026-02-20T11:58:39","slug":"decubal-enriching-face-cream-spf-30","status":"publish","type":"product","link":"https:\/\/decubal.com\/fi\/tuote\/decubal-enriching-face-cream-spf-30\/","title":{"rendered":"Decubal Enriching Face Cream SPF 30"},"content":{"rendered":"\n<div class=\"wp-block-karopharma-free-text pt-large pb-large bg-center bg-cover bg-no-repeat  redblock\" style=\"background-image:url()\"><div class=\"free-text-wrapper container max-w-medium text-left\">\n<p>Decubal Enriching Face Day Cream SPF30 on kehitetty p\u00e4ivitt\u00e4iseen k\u00e4ytt\u00f6\u00f6n kuivalle ja eritt\u00e4in kuivalle, herk\u00e4lle iholle. Se tarjoaa intensiivist\u00e4, pitk\u00e4kestoista kosteutusta palauttaen iholle nuorekkaan ilmeen ja tunteen vahvistamalla sen luonnollista suojamuuria. Iho tuntuu pehme\u00e4lt\u00e4, miellytt\u00e4v\u00e4lt\u00e4 ja hyvin hoidetulta. Kliinisesti todistettu 72 tunnin kosteuttava vaikutus. Kevyt koostumus sis\u00e4lt\u00e4\u00e4 ainutlaatuisen yhdistelm\u00e4n kollageenia, keramideja, antioksidantteja ja punalev\u00e4\u00e4. Innovatiivinen ihon tarpeisiin mukautuva teknologia auttaa tuotetta sopeutumaan eri vuodenaikoihin ja l\u00e4mp\u00f6tilamuutoksiin.<\/p>\n<\/div><\/div>\n\n\n\n<div class=\"wp-block-karopharma-product-promotion text-align-right pt-large pb-large bg-center bg-cover bg-no-repeat\" style=\"background-image:url()\"><div class=\"container max-w-large\">\n<div class=\"wp-block-group is-layout-flow wp-block-group-is-layout-flow\">\n<div class=\"wp-block-group hexagon is-layout-constrained wp-block-group-is-layout-constrained\">\n<h3 class=\"wp-block-heading has-text-align-center has-primary-color has-text-color has-link-color wp-elements-21faf9fa24e80ae2d169445fbfb32dcf\">K\u00e4ytt\u00f6<\/h3>\n\n\n\n<p class=\"has-text-align-center\">Levit\u00e4 aamuisin kasvoille puhdistuksen tai seerumin j\u00e4lkeen.<\/p>\n<\/div>\n<\/div>\n\n\n\n<div class=\"wp-block-group is-layout-flow wp-block-group-is-layout-flow\">\n<div class=\"wp-block-group hexagon is-layout-constrained wp-block-group-is-layout-constrained\">\n<h3 class=\"wp-block-heading has-text-align-center has-primary-color has-text-color has-link-color wp-elements-22a4a6e8551e5235a0ecd6e3b61001ed\">Ainesosat<\/h3>\n\n\n\n<p class=\"has-text-align-center mindretext2\">Aqua, Dibutyl Adipate, Diethylamino Hydroxybenzoyl Hexyl Benzoate, C12-15 Alkyl Benzoate, Undecane, Diethylhexyl Butamido Triazone, Glycerin, Bis-Ethylhexyloxyphenol Methoxyphenyl Triazine, Avena Sativa Kernel Oil, Betaine, Ethylhexyl Triazone, Disodium Cetearyl Sulfosuccinate, Propanediol, Butyrospermum Parkii Butter, Glyceryl Stearate, Tridecane, Canola Oil, Hydrolyzed Collagen, Sodium Hyaluronate, Ascorbyl Tetraisopalmitate, Helianthus Annuus Seed Oil, Tocopheryl Acetate, Biosaccharide Gum-1, Caprylyl Glycol, Sodium Carrageenan, Glyceryl Stearate Citrate, Zea Mays Starch, Hydrogenated Lecithin, Tocopherol, Xanthan Gum, Lecithin,Phenoxyethanol, Citric Acid, Sodium Polyacryloyldimethyl Taurate, Sodium Acrylates Copolymer, Polyglyceryl-3 Stearate, Sea Salt.<\/p>\n<\/div>\n<\/div>\n<\/div><\/div>\n\n\n\n<div class=\"wp-block-karopharma-free-text pt-large pb-large bg-center bg-cover bg-no-repeat  beigeblock\" style=\"background-image:url()\"><div class=\"free-text-wrapper container max-w-small text-center\">\n<figure class=\"wp-block-image aligncenter size-full\"><img loading=\"lazy\" decoding=\"async\" width=\"200\" height=\"204\" src=\"https:\/\/decubal.com\/app\/uploads\/sites\/5\/2022\/05\/allergy-certified.png\" alt=\"allergy-certified\" class=\"wp-image-567\"\/><\/figure>\n\n\n\n<h2 class=\"wp-block-heading is-style-heading-h2\">Decubal Enriching Face Day Cream SPF30 on hajusteeton ja dermatologisesti testattu kuivalla ja herk\u00e4ll\u00e4 iholla.<\/h2>\n\n\n\n<p>Tuote on Allergy Certified -hyv\u00e4ksytty, mik\u00e4 tarkoittaa, ett\u00e4 jokaisen ainesosan riski allergisen reaktion aiheuttamiseen on arvioitu toksikologin tai farmaseutin toimesta, ja riski on minimoitu.<\/p>\n<\/div><\/div>\n","protected":false},"excerpt":{"rendered":"<p>Eritt\u00e4in ravitseva p\u00e4iv\u00e4voide UVA\/UVB-suojalla, joka ravitsee, suojaa ja elvytt\u00e4\u00e4 kuivaa ja eritt\u00e4in kuivaa, herkk\u00e4\u00e4 ihoa.<\/p>\n","protected":false},"featured_media":818,"comment_status":"open","ping_status":"closed","template":"","meta":{"_acf_changed":false,"footnotes":""},"product_brand":[],"product_cat":[24],"product_tag":[],"class_list":{"0":"post-817","1":"product","2":"type-product","3":"status-publish","4":"has-post-thumbnail","6":"product_cat-enriching","8":"first","9":"instock","10":"shipping-taxable","11":"product-type-simple"},"acf":[],"yoast_head":"<!-- This site is optimized with the Yoast SEO plugin v26.6 - https:\/\/yoast.com\/wordpress\/plugins\/seo\/ -->\n<title>Decubal Enriching Face Cream SPF 30 - Decubal<\/title>\n<meta name=\"description\" content=\"Eritt\u00e4in ravitseva p\u00e4iv\u00e4voide UVA\/UVB-suojalla, joka ravitsee, suojaa ja elvytt\u00e4\u00e4 kuivaa ja eritt\u00e4in kuivaa, herkk\u00e4\u00e4 ihoa.\" \/>\n<meta name=\"robots\" content=\"index, follow, max-snippet:-1, max-image-preview:large, max-video-preview:-1\" \/>\n<link rel=\"canonical\" href=\"https:\/\/decubal.com\/fi\/tuote\/decubal-enriching-face-cream-spf-30\/\" \/>\n<meta property=\"og:locale\" content=\"fi_FI\" \/>\n<meta property=\"og:type\" content=\"article\" \/>\n<meta property=\"og:title\" content=\"Decubal Enriching Face Cream SPF 30 - Decubal\" \/>\n<meta property=\"og:description\" content=\"Eritt\u00e4in ravitseva p\u00e4iv\u00e4voide UVA\/UVB-suojalla, joka ravitsee, suojaa ja elvytt\u00e4\u00e4 kuivaa ja eritt\u00e4in kuivaa, herkk\u00e4\u00e4 ihoa.\" \/>\n<meta property=\"og:url\" content=\"https:\/\/decubal.com\/fi\/tuote\/decubal-enriching-face-cream-spf-30\/\" \/>\n<meta property=\"og:site_name\" content=\"Decubal\" \/>\n<meta property=\"article:modified_time\" content=\"2026-02-20T11:58:39+00:00\" \/>\n<meta property=\"og:image\" content=\"https:\/\/decubal.com\/app\/uploads\/sites\/5\/2025\/08\/Decubal-Enriching-face-cream.png\" \/>\n\t<meta property=\"og:image:width\" content=\"600\" \/>\n\t<meta property=\"og:image:height\" content=\"600\" \/>\n\t<meta property=\"og:image:type\" content=\"image\/png\" \/>\n<meta name=\"twitter:card\" content=\"summary_large_image\" \/>\n<meta name=\"twitter:label1\" content=\"Est. reading time\" \/>\n\t<meta name=\"twitter:data1\" content=\"2 minutes\" \/>\n<script type=\"application\/ld+json\" class=\"yoast-schema-graph\">{\"@context\":\"https:\/\/schema.org\",\"@graph\":[{\"@type\":\"WebPage\",\"@id\":\"https:\/\/decubal.com\/fi\/tuote\/decubal-enriching-face-cream-spf-30\/\",\"url\":\"https:\/\/decubal.com\/fi\/tuote\/decubal-enriching-face-cream-spf-30\/\",\"name\":\"Decubal Enriching Face Cream SPF 30 - Decubal\",\"isPartOf\":{\"@id\":\"https:\/\/multisite.decubal.com\/fi\/#website\"},\"primaryImageOfPage\":{\"@id\":\"https:\/\/decubal.com\/fi\/tuote\/decubal-enriching-face-cream-spf-30\/#primaryimage\"},\"image\":{\"@id\":\"https:\/\/decubal.com\/fi\/tuote\/decubal-enriching-face-cream-spf-30\/#primaryimage\"},\"thumbnailUrl\":\"https:\/\/decubal.com\/app\/uploads\/sites\/5\/2025\/08\/Decubal-Enriching-face-cream.png\",\"datePublished\":\"2025-08-08T13:11:43+00:00\",\"dateModified\":\"2026-02-20T11:58:39+00:00\",\"description\":\"Eritt\u00e4in ravitseva p\u00e4iv\u00e4voide UVA\/UVB-suojalla, joka ravitsee, suojaa ja elvytt\u00e4\u00e4 kuivaa ja eritt\u00e4in kuivaa, herkk\u00e4\u00e4 ihoa.\",\"breadcrumb\":{\"@id\":\"https:\/\/decubal.com\/fi\/tuote\/decubal-enriching-face-cream-spf-30\/#breadcrumb\"},\"inLanguage\":\"fi-FI\",\"potentialAction\":[{\"@type\":\"ReadAction\",\"target\":[\"https:\/\/decubal.com\/fi\/tuote\/decubal-enriching-face-cream-spf-30\/\"]}]},{\"@type\":\"ImageObject\",\"inLanguage\":\"fi-FI\",\"@id\":\"https:\/\/decubal.com\/fi\/tuote\/decubal-enriching-face-cream-spf-30\/#primaryimage\",\"url\":\"https:\/\/decubal.com\/app\/uploads\/sites\/5\/2025\/08\/Decubal-Enriching-face-cream.png\",\"contentUrl\":\"https:\/\/decubal.com\/app\/uploads\/sites\/5\/2025\/08\/Decubal-Enriching-face-cream.png\",\"width\":600,\"height\":600,\"caption\":\"Decubal-Enriching-face-cream\"},{\"@type\":\"BreadcrumbList\",\"@id\":\"https:\/\/decubal.com\/fi\/tuote\/decubal-enriching-face-cream-spf-30\/#breadcrumb\",\"itemListElement\":[{\"@type\":\"ListItem\",\"position\":1,\"name\":\"Home\",\"item\":\"https:\/\/decubal.com\/fi\/\"},{\"@type\":\"ListItem\",\"position\":2,\"name\":\"Tuotteet\",\"item\":\"https:\/\/decubal.com\/fi\/tuotteet\/\"},{\"@type\":\"ListItem\",\"position\":3,\"name\":\"Decubal Enriching Face Cream SPF 30\"}]},{\"@type\":\"WebSite\",\"@id\":\"https:\/\/multisite.decubal.com\/fi\/#website\",\"url\":\"https:\/\/multisite.decubal.com\/fi\/\",\"name\":\"Decubal\",\"description\":\"\",\"publisher\":{\"@id\":\"https:\/\/multisite.decubal.com\/fi\/#organization\"},\"potentialAction\":[{\"@type\":\"SearchAction\",\"target\":{\"@type\":\"EntryPoint\",\"urlTemplate\":\"https:\/\/multisite.decubal.com\/fi\/?s={search_term_string}\"},\"query-input\":{\"@type\":\"PropertyValueSpecification\",\"valueRequired\":true,\"valueName\":\"search_term_string\"}}],\"inLanguage\":\"fi-FI\"},{\"@type\":\"Organization\",\"@id\":\"https:\/\/multisite.decubal.com\/fi\/#organization\",\"name\":\"Decubal\",\"url\":\"https:\/\/multisite.decubal.com\/fi\/\",\"logo\":{\"@type\":\"ImageObject\",\"inLanguage\":\"fi-FI\",\"@id\":\"https:\/\/multisite.decubal.com\/fi\/#\/schema\/logo\/image\/\",\"url\":\"https:\/\/decubal.com\/app\/uploads\/sites\/5\/2022\/05\/Decubal-logo.png\",\"contentUrl\":\"https:\/\/decubal.com\/app\/uploads\/sites\/5\/2022\/05\/Decubal-logo.png\",\"width\":138,\"height\":40,\"caption\":\"Decubal\"},\"image\":{\"@id\":\"https:\/\/multisite.decubal.com\/fi\/#\/schema\/logo\/image\/\"}}]}<\/script>\n<!-- \/ Yoast SEO plugin. -->","yoast_head_json":{"title":"Decubal Enriching Face Cream SPF 30 - Decubal","description":"Eritt\u00e4in ravitseva p\u00e4iv\u00e4voide UVA\/UVB-suojalla, joka ravitsee, suojaa ja elvytt\u00e4\u00e4 kuivaa ja eritt\u00e4in kuivaa, herkk\u00e4\u00e4 ihoa.","robots":{"index":"index","follow":"follow","max-snippet":"max-snippet:-1","max-image-preview":"max-image-preview:large","max-video-preview":"max-video-preview:-1"},"canonical":"https:\/\/decubal.com\/fi\/tuote\/decubal-enriching-face-cream-spf-30\/","og_locale":"fi_FI","og_type":"article","og_title":"Decubal Enriching Face Cream SPF 30 - Decubal","og_description":"Eritt\u00e4in ravitseva p\u00e4iv\u00e4voide UVA\/UVB-suojalla, joka ravitsee, suojaa ja elvytt\u00e4\u00e4 kuivaa ja eritt\u00e4in kuivaa, herkk\u00e4\u00e4 ihoa.","og_url":"https:\/\/decubal.com\/fi\/tuote\/decubal-enriching-face-cream-spf-30\/","og_site_name":"Decubal","article_modified_time":"2026-02-20T11:58:39+00:00","og_image":[{"width":600,"height":600,"url":"https:\/\/decubal.com\/app\/uploads\/sites\/5\/2025\/08\/Decubal-Enriching-face-cream.png","type":"image\/png"}],"twitter_card":"summary_large_image","twitter_misc":{"Est. reading time":"2 minutes"},"schema":{"@context":"https:\/\/schema.org","@graph":[{"@type":"WebPage","@id":"https:\/\/decubal.com\/fi\/tuote\/decubal-enriching-face-cream-spf-30\/","url":"https:\/\/decubal.com\/fi\/tuote\/decubal-enriching-face-cream-spf-30\/","name":"Decubal Enriching Face Cream SPF 30 - Decubal","isPartOf":{"@id":"https:\/\/multisite.decubal.com\/fi\/#website"},"primaryImageOfPage":{"@id":"https:\/\/decubal.com\/fi\/tuote\/decubal-enriching-face-cream-spf-30\/#primaryimage"},"image":{"@id":"https:\/\/decubal.com\/fi\/tuote\/decubal-enriching-face-cream-spf-30\/#primaryimage"},"thumbnailUrl":"https:\/\/decubal.com\/app\/uploads\/sites\/5\/2025\/08\/Decubal-Enriching-face-cream.png","datePublished":"2025-08-08T13:11:43+00:00","dateModified":"2026-02-20T11:58:39+00:00","description":"Eritt\u00e4in ravitseva p\u00e4iv\u00e4voide UVA\/UVB-suojalla, joka ravitsee, suojaa ja elvytt\u00e4\u00e4 kuivaa ja eritt\u00e4in kuivaa, herkk\u00e4\u00e4 ihoa.","breadcrumb":{"@id":"https:\/\/decubal.com\/fi\/tuote\/decubal-enriching-face-cream-spf-30\/#breadcrumb"},"inLanguage":"fi-FI","potentialAction":[{"@type":"ReadAction","target":["https:\/\/decubal.com\/fi\/tuote\/decubal-enriching-face-cream-spf-30\/"]}]},{"@type":"ImageObject","inLanguage":"fi-FI","@id":"https:\/\/decubal.com\/fi\/tuote\/decubal-enriching-face-cream-spf-30\/#primaryimage","url":"https:\/\/decubal.com\/app\/uploads\/sites\/5\/2025\/08\/Decubal-Enriching-face-cream.png","contentUrl":"https:\/\/decubal.com\/app\/uploads\/sites\/5\/2025\/08\/Decubal-Enriching-face-cream.png","width":600,"height":600,"caption":"Decubal-Enriching-face-cream"},{"@type":"BreadcrumbList","@id":"https:\/\/decubal.com\/fi\/tuote\/decubal-enriching-face-cream-spf-30\/#breadcrumb","itemListElement":[{"@type":"ListItem","position":1,"name":"Home","item":"https:\/\/decubal.com\/fi\/"},{"@type":"ListItem","position":2,"name":"Tuotteet","item":"https:\/\/decubal.com\/fi\/tuotteet\/"},{"@type":"ListItem","position":3,"name":"Decubal Enriching Face Cream SPF 30"}]},{"@type":"WebSite","@id":"https:\/\/multisite.decubal.com\/fi\/#website","url":"https:\/\/multisite.decubal.com\/fi\/","name":"Decubal","description":"","publisher":{"@id":"https:\/\/multisite.decubal.com\/fi\/#organization"},"potentialAction":[{"@type":"SearchAction","target":{"@type":"EntryPoint","urlTemplate":"https:\/\/multisite.decubal.com\/fi\/?s={search_term_string}"},"query-input":{"@type":"PropertyValueSpecification","valueRequired":true,"valueName":"search_term_string"}}],"inLanguage":"fi-FI"},{"@type":"Organization","@id":"https:\/\/multisite.decubal.com\/fi\/#organization","name":"Decubal","url":"https:\/\/multisite.decubal.com\/fi\/","logo":{"@type":"ImageObject","inLanguage":"fi-FI","@id":"https:\/\/multisite.decubal.com\/fi\/#\/schema\/logo\/image\/","url":"https:\/\/decubal.com\/app\/uploads\/sites\/5\/2022\/05\/Decubal-logo.png","contentUrl":"https:\/\/decubal.com\/app\/uploads\/sites\/5\/2022\/05\/Decubal-logo.png","width":138,"height":40,"caption":"Decubal"},"image":{"@id":"https:\/\/multisite.decubal.com\/fi\/#\/schema\/logo\/image\/"}}]}},"_links":{"self":[{"href":"https:\/\/decubal.com\/fi\/wp-json\/wp\/v2\/product\/817","targetHints":{"allow":["GET"]}}],"collection":[{"href":"https:\/\/decubal.com\/fi\/wp-json\/wp\/v2\/product"}],"about":[{"href":"https:\/\/decubal.com\/fi\/wp-json\/wp\/v2\/types\/product"}],"replies":[{"embeddable":true,"href":"https:\/\/decubal.com\/fi\/wp-json\/wp\/v2\/comments?post=817"}],"version-history":[{"count":8,"href":"https:\/\/decubal.com\/fi\/wp-json\/wp\/v2\/product\/817\/revisions"}],"predecessor-version":[{"id":937,"href":"https:\/\/decubal.com\/fi\/wp-json\/wp\/v2\/product\/817\/revisions\/937"}],"wp:featuredmedia":[{"embeddable":true,"href":"https:\/\/decubal.com\/fi\/wp-json\/wp\/v2\/media\/818"}],"wp:attachment":[{"href":"https:\/\/decubal.com\/fi\/wp-json\/wp\/v2\/media?parent=817"}],"wp:term":[{"taxonomy":"product_brand","embeddable":true,"href":"https:\/\/decubal.com\/fi\/wp-json\/wp\/v2\/product_brand?post=817"},{"taxonomy":"product_cat","embeddable":true,"href":"https:\/\/decubal.com\/fi\/wp-json\/wp\/v2\/product_cat?post=817"},{"taxonomy":"product_tag","embeddable":true,"href":"https:\/\/decubal.com\/fi\/wp-json\/wp\/v2\/product_tag?post=817"}],"curies":[{"name":"wp","href":"https:\/\/api.w.org\/{rel}","templated":true}]}}